    {"id":16833,"date":"2020-02-25T16:16:35","date_gmt":"2020-02-25T15:16:35","guid":{"rendered":"https:\/\/vacances-seasonova.com\/fr\/?page_id=16833"},"modified":"2021-10-04T11:05:26","modified_gmt":"2021-10-04T09:05:26","slug":"les-5-sens","status":"publish","type":"page","link":"https:\/\/vacances-seasonova.com\/fr\/vacances-en-camping-seasonova\/lexperience-seasonova\/les-5-sens\/","title":{"rendered":"Les 5 sens"},"content":{"rendered":"<p>&nbsp;<\/p>\n<h3>Savoir prendre le temps de se recentrer sur l\u2019essentiel\u2026<\/h3>\n<p>Mettez vos sens en \u00e9veil et d\u00e9couvrez nos espaces am\u00e9nag\u00e9s autour des <b>5 sens<\/b>. Ces mini-villages plongerons toute la famille dans une ambiance propice aux \u00e9changes et aux rencontres, un retour \u00e0 l\u2019essentiel pour se sentir bien ensemble<\/p>\n<p><span style=\"font-weight: 400;\">Vous et votre famille pourrez profiter de nos s\u00e9jours pens\u00e9s autour des 5 sens.<\/span><\/p>\n<p><span style=\"font-weight: 400;\">Un <b>retour \u00e0 l\u2019essentiel<\/b> qui fait du bien.<\/span><\/p>\n<p><span style=\"font-weight: 400;\">Organis\u00e9 comme un mini-village, cet espace est propice aux \u00e9changes et aux rencontres.<\/span><\/p>\n<p>&nbsp;<\/p>\n<h3>La vue\u00a0: un cadre naturel<\/h3>\n<p>&nbsp;<\/p>\n<p><span style=\"font-weight: 400;\">Tous nos campings Seasonova sont am\u00e9nag\u00e9s dans un cadre privil\u00e9gi\u00e9 et naturel. Ainsi vous pourrez profiter de for\u00eats, voies vertes, lacs, rivi\u00e8res, plages. Si ces paysages sont magnifiques \u00e0 observer admirer notre d\u00e9marche va bien au-del\u00e0. Il s\u2019agit pour nous de l\u2019essence m\u00eame de notre groupe. Nous attachons en effet \u00e9norm\u00e9ment d\u2019importance aux lieux dans lesquels nous nous installons et sommes soucieux du cadre environnemental pr\u00e9serv\u00e9 que nous pouvons partager ensuite avec nos clients.<\/span><\/p>\n<p><img loading=\"lazy\" class=\"size-medium wp-image-16834 alignleft\" src=\"https:\/\/vacances-seasonova.com\/wp-content\/uploads\/2020\/02\/vacances-canal-300x225.jpg\" alt=\"canal\" width=\"300\" height=\"225\" srcset=\"https:\/\/vacances-seasonova.com\/wp-content\/uploads\/2020\/02\/vacances-canal-300x225.jpg 300w, https:\/\/vacances-seasonova.com\/wp-content\/uploads\/2020\/02\/vacances-canal.jpg 400w\" sizes=\"(max-width: 300px) 100vw, 300px\" \/><\/p>\n<p><span style=\"font-weight: 400;\"><span style=\"font-weight: 400;\">\u00a0<\/span><\/span><\/p>\n<h3>L\u2019ou\u00efe\u00a0: une zone pi\u00e9tonne sans pollution sonore<\/h3>\n<p><span style=\"font-weight: 400;\"><br \/>\nLe bruit des moteurs, les klaxons, la foule\u2026 autant d\u2019\u00e9l\u00e9ments qui peuvent perturber votre tranquillit\u00e9 au quotidien. Dans notre espace aux 5 sens, nous pr\u00eatons une attention particuli\u00e8re aux d\u00e9tails afin d\u2019\u00e9viter tous ces parasites sonores.<\/span><\/p>\n<p><span style=\"font-weight: 400;\">C\u2019est pourquoi, nos \u00eeles aux 5 sens sont organis\u00e9es en villages 100% pi\u00e9tons.\u00a0<\/span><\/p>\n<p><span style=\"font-weight: 400;\">Ainsi, les seules sonorit\u00e9s que vous entendrez seront ceux de la nature, des enfants qui rient ou encore d\u2019un barbecue qui cr\u00e9pite\u2026 On vous entend sourire d\u2019ici.<\/span><\/p>\n<p>&nbsp;<\/p>\n<p><img loading=\"lazy\" class=\"wp-image-16839 size-medium alignleft\" src=\"https:\/\/vacances-seasonova.com\/wp-content\/uploads\/2020\/02\/vacances-oiseau-300x225.jpg\" alt=\"oiseau Seasonova\" width=\"300\" height=\"225\" srcset=\"https:\/\/vacances-seasonova.com\/wp-content\/uploads\/2020\/02\/vacances-oiseau-300x225.jpg 300w, https:\/\/vacances-seasonova.com\/wp-content\/uploads\/2020\/02\/vacances-oiseau.jpg 400w\" sizes=\"(max-width: 300px) 100vw, 300px\" \/><\/p>\n<p><span style=\"font-weight: 400;\"><span style=\"font-weight: 400;\">\u00a0<\/span><\/span><\/p>\n<h3>Le toucher, le go\u00fbt et l\u2019odorat\u00a0: des bacs \u00e0 aromates pour pratiquer la cueillette et (r)\u00e9veiller les papilles<\/h3>\n<p>&nbsp;<\/p>\n<p><span style=\"font-weight: 400;\">Un retour \u00e0 l\u2019essentiel passe aussi par des gestes simples comme cueillir des baies et les savourer en famille. Dans nos \u00eeles aux 5 sens cette activit\u00e9 est organis\u00e9e autour du partage, les jardini\u00e8res des diff\u00e9rents cottages disposent de baies et aromates aux odeurs et aux go\u00fbts vari\u00e9s. En plus d\u2019\u00eatre un moment agr\u00e9able, la cueillette facilite les \u00e9changes entre voisins, c\u2019est aussi \u00e7a les vacances\u00a0!<\/span><\/p>\n<p>&nbsp;<\/p>\n<p><img loading=\"lazy\" class=\"wp-image-16838 size-medium alignleft\" src=\"https:\/\/vacances-seasonova.com\/wp-content\/uploads\/2020\/02\/vacances-baies-300x203.jpeg\" alt=\"fraises potager\" width=\"300\" height=\"203\" \/><\/p>\n<p><img loading=\"lazy\" class=\"size-medium wp-image-16846\" src=\"https:\/\/vacances-seasonova.com\/wp-content\/uploads\/2020\/02\/camping-riva-bella_locatif_seasonova-300x200.jpg\" alt=\"camping riva\" width=\"300\" height=\"200\" srcset=\"https:\/\/vacances-seasonova.com\/wp-content\/uploads\/2020\/02\/camping-riva-bella_locatif_seasonova-300x200.jpg 300w, https:\/\/vacances-seasonova.com\/wp-content\/uploads\/2020\/02\/camping-riva-bella_locatif_seasonova-768x512.jpg 768w, https:\/\/vacances-seasonova.com\/wp-content\/uploads\/2020\/02\/camping-riva-bella_locatif_seasonova-675x450.jpg 675w, https:\/\/vacances-seasonova.com\/wp-content\/uploads\/2020\/02\/camping-riva-bella_locatif_seasonova-600x400.jpg 600w\" sizes=\"(max-width: 300px) 100vw, 300px\" \/><\/p>\n<p>&nbsp;<\/p>\n<p>&nbsp;<\/p>\n<p><span style=\"font-weight: 400;\">\u00a0<\/span><\/p>","protected":false},"excerpt":{"rendered":"<p>&nbsp; Savoir prendre le temps de se recentrer sur l\u2019essentiel\u2026 Mettez vos sens en \u00e9veil et d\u00e9couvrez nos espaces am\u00e9nag\u00e9s autour des 5 sens. Ces mini-villages plongerons toute la famille dans une ambiance propice [&#8230;]<\/p>\n","protected":false},"author":3,"featured_media":16838,"parent":16827,"menu_order":0,"comment_status":"closed","ping_status":"closed","template":"","meta":[],"yoast_head":"<!-- This site is optimized with the Yoast SEO plugin v18.1 - https:\/\/yoast.com\/wordpress\/plugins\/seo\/ -->\n<meta name=\"robots\" content=\"index, follow, max-snippet:-1, max-image-preview:large, max-video-preview:-1\" \/>\n<link rel=\"canonical\" href=\"https:\/\/vacances-seasonova.com\/fr\/vacances-en-camping-seasonova\/lexperience-seasonova\/les-5-sens\/\" \/>\n<meta property=\"og:locale\" content=\"fr_FR\" \/>\n<meta property=\"og:type\" content=\"article\" \/>\n<meta property=\"og:title\" content=\"Les 5 sens - Seasonova | Campings Normandie, Bretagne, Pays de La Loire et Alsace\" \/>\n<meta property=\"og:description\" content=\"&nbsp; Savoir prendre le temps de se recentrer sur l\u2019essentiel\u2026 Mettez vos sens en \u00e9veil et d\u00e9couvrez nos espaces am\u00e9nag\u00e9s autour des 5 sens. Ces mini-villages plongerons toute la famille dans une ambiance propice [...]\" \/>\n<meta property=\"og:url\" content=\"https:\/\/vacances-seasonova.com\/fr\/vacances-en-camping-seasonova\/lexperience-seasonova\/les-5-sens\/\" \/>\n<meta property=\"og:site_name\" content=\"Seasonova | Campings Normandie, Bretagne, Pays de La Loire et Alsace\" \/>\n<meta property=\"article:modified_time\" content=\"2021-10-04T09:05:26+00:00\" \/>\n<meta property=\"og:image\" content=\"https:\/\/vacances-seasonova.com\/wp-content\/uploads\/2020\/02\/vacances-baies-e1582640495636.jpeg\" \/>\n\t<meta property=\"og:image:width\" content=\"3465\" \/>\n\t<meta property=\"og:image:height\" content=\"2350\" \/>\n\t<meta property=\"og:image:type\" content=\"image\/jpeg\" \/>\n<meta name=\"twitter:card\" content=\"summary\" \/>\n<meta name=\"twitter:label1\" content=\"Dur\u00e9e de lecture estim\u00e9e\" \/>\n\t<meta name=\"twitter:data1\" content=\"7 minutes\" \/>\n<script type=\"application\/ld+json\" class=\"yoast-schema-graph\">{\"@context\":\"https:\/\/schema.org\",\"@graph\":[{\"@type\":\"WebSite\",\"@id\":\"https:\/\/vacances-seasonova.com\/fr\/#website\",\"url\":\"https:\/\/vacances-seasonova.com\/fr\/\",\"name\":\"Seasonova | Campings Normandie, Bretagne, Pays de La Loire et Alsace\",\"description\":\"\",\"potentialAction\":[{\"@type\":\"SearchAction\",\"target\":{\"@type\":\"EntryPoint\",\"urlTemplate\":\"https:\/\/vacances-seasonova.com\/fr\/?s={search_term_string}\"},\"query-input\":\"required name=search_term_string\"}],\"inLanguage\":\"fr-FR\"},{\"@type\":\"ImageObject\",\"@id\":\"https:\/\/vacances-seasonova.com\/fr\/vacances-en-camping-seasonova\/lexperience-seasonova\/les-5-sens\/#primaryimage\",\"inLanguage\":\"fr-FR\",\"url\":\"https:\/\/vacances-seasonova.com\/wp-content\/uploads\/2020\/02\/vacances-baies-e1582640495636.jpeg\",\"contentUrl\":\"https:\/\/vacances-seasonova.com\/wp-content\/uploads\/2020\/02\/vacances-baies-e1582640495636.jpeg\",\"width\":3465,\"height\":2350,\"caption\":\"fraises potager\"},{\"@type\":\"WebPage\",\"@id\":\"https:\/\/vacances-seasonova.com\/fr\/vacances-en-camping-seasonova\/lexperience-seasonova\/les-5-sens\/#webpage\",\"url\":\"https:\/\/vacances-seasonova.com\/fr\/vacances-en-camping-seasonova\/lexperience-seasonova\/les-5-sens\/\",\"name\":\"Les 5 sens - Seasonova | Campings Normandie, Bretagne, Pays de La Loire et Alsace\",\"isPartOf\":{\"@id\":\"https:\/\/vacances-seasonova.com\/fr\/#website\"},\"primaryImageOfPage\":{\"@id\":\"https:\/\/vacances-seasonova.com\/fr\/vacances-en-camping-seasonova\/lexperience-seasonova\/les-5-sens\/#primaryimage\"},\"datePublished\":\"2020-02-25T15:16:35+00:00\",\"dateModified\":\"2021-10-04T09:05:26+00:00\",\"breadcrumb\":{\"@id\":\"https:\/\/vacances-seasonova.com\/fr\/vacances-en-camping-seasonova\/lexperience-seasonova\/les-5-sens\/#breadcrumb\"},\"inLanguage\":\"fr-FR\",\"potentialAction\":[{\"@type\":\"ReadAction\",\"target\":[\"https:\/\/vacances-seasonova.com\/fr\/vacances-en-camping-seasonova\/lexperience-seasonova\/les-5-sens\/\"]}]},{\"@type\":\"BreadcrumbList\",\"@id\":\"https:\/\/vacances-seasonova.com\/fr\/vacances-en-camping-seasonova\/lexperience-seasonova\/les-5-sens\/#breadcrumb\",\"itemListElement\":[{\"@type\":\"ListItem\",\"position\":1,\"name\":\"Accueil\",\"item\":\"https:\/\/vacances-seasonova.com\/nl\/\"},{\"@type\":\"ListItem\",\"position\":2,\"name\":\"Vacances en camping Seasonova\",\"item\":\"https:\/\/vacances-seasonova.com\/nl\/kampeervakantiein-frankrijk\/\"},{\"@type\":\"ListItem\",\"position\":3,\"name\":\"L\u2019exp\u00e9rience Seasonova\",\"item\":\"https:\/\/vacances-seasonova.com\/fr\/vacances-en-camping-seasonova\/lexperience-seasonova\/\"},{\"@type\":\"ListItem\",\"position\":4,\"name\":\"Les 5 sens\"}]}]}<\/script>\n<!-- \/ Yoast SEO plugin. -->","yoast_head_json":{"robots":{"index":"index","follow":"follow","max-snippet":"max-snippet:-1","max-image-preview":"max-image-preview:large","max-video-preview":"max-video-preview:-1"},"canonical":"https:\/\/vacances-seasonova.com\/fr\/vacances-en-camping-seasonova\/lexperience-seasonova\/les-5-sens\/","og_locale":"fr_FR","og_type":"article","og_title":"Les 5 sens - Seasonova | Campings Normandie, Bretagne, Pays de La Loire et Alsace","og_description":"&nbsp; Savoir prendre le temps de se recentrer sur l\u2019essentiel\u2026 Mettez vos sens en \u00e9veil et d\u00e9couvrez nos espaces am\u00e9nag\u00e9s autour des 5 sens. Ces mini-villages plongerons toute la famille dans une ambiance propice [...]","og_url":"https:\/\/vacances-seasonova.com\/fr\/vacances-en-camping-seasonova\/lexperience-seasonova\/les-5-sens\/","og_site_name":"Seasonova | Campings Normandie, Bretagne, Pays de La Loire et Alsace","article_modified_time":"2021-10-04T09:05:26+00:00","og_image":[{"width":3465,"height":2350,"url":"https:\/\/vacances-seasonova.com\/wp-content\/uploads\/2020\/02\/vacances-baies-e1582640495636.jpeg","type":"image\/jpeg"}],"twitter_card":"summary","twitter_misc":{"Dur\u00e9e de lecture estim\u00e9e":"7 minutes"},"schema":{"@context":"https:\/\/schema.org","@graph":[{"@type":"WebSite","@id":"https:\/\/vacances-seasonova.com\/fr\/#website","url":"https:\/\/vacances-seasonova.com\/fr\/","name":"Seasonova | Campings Normandie, Bretagne, Pays de La Loire et Alsace","description":"","potentialAction":[{"@type":"SearchAction","target":{"@type":"EntryPoint","urlTemplate":"https:\/\/vacances-seasonova.com\/fr\/?s={search_term_string}"},"query-input":"required name=search_term_string"}],"inLanguage":"fr-FR"},{"@type":"ImageObject","@id":"https:\/\/vacances-seasonova.com\/fr\/vacances-en-camping-seasonova\/lexperience-seasonova\/les-5-sens\/#primaryimage","inLanguage":"fr-FR","url":"https:\/\/vacances-seasonova.com\/wp-content\/uploads\/2020\/02\/vacances-baies-e1582640495636.jpeg","contentUrl":"https:\/\/vacances-seasonova.com\/wp-content\/uploads\/2020\/02\/vacances-baies-e1582640495636.jpeg","width":3465,"height":2350,"caption":"fraises potager"},{"@type":"WebPage","@id":"https:\/\/vacances-seasonova.com\/fr\/vacances-en-camping-seasonova\/lexperience-seasonova\/les-5-sens\/#webpage","url":"https:\/\/vacances-seasonova.com\/fr\/vacances-en-camping-seasonova\/lexperience-seasonova\/les-5-sens\/","name":"Les 5 sens - Seasonova | Campings Normandie, Bretagne, Pays de La Loire et Alsace","isPartOf":{"@id":"https:\/\/vacances-seasonova.com\/fr\/#website"},"primaryImageOfPage":{"@id":"https:\/\/vacances-seasonova.com\/fr\/vacances-en-camping-seasonova\/lexperience-seasonova\/les-5-sens\/#primaryimage"},"datePublished":"2020-02-25T15:16:35+00:00","dateModified":"2021-10-04T09:05:26+00:00","breadcrumb":{"@id":"https:\/\/vacances-seasonova.com\/fr\/vacances-en-camping-seasonova\/lexperience-seasonova\/les-5-sens\/#breadcrumb"},"inLanguage":"fr-FR","potentialAction":[{"@type":"ReadAction","target":["https:\/\/vacances-seasonova.com\/fr\/vacances-en-camping-seasonova\/lexperience-seasonova\/les-5-sens\/"]}]},{"@type":"BreadcrumbList","@id":"https:\/\/vacances-seasonova.com\/fr\/vacances-en-camping-seasonova\/lexperience-seasonova\/les-5-sens\/#breadcrumb","itemListElement":[{"@type":"ListItem","position":1,"name":"Accueil","item":"https:\/\/vacances-seasonova.com\/nl\/"},{"@type":"ListItem","position":2,"name":"Vacances en camping Seasonova","item":"https:\/\/vacances-seasonova.com\/nl\/kampeervakantiein-frankrijk\/"},{"@type":"ListItem","position":3,"name":"L\u2019exp\u00e9rience Seasonova","item":"https:\/\/vacances-seasonova.com\/fr\/vacances-en-camping-seasonova\/lexperience-seasonova\/"},{"@type":"ListItem","position":4,"name":"Les 5 sens"}]}]}},"_links":{"self":[{"href":"https:\/\/vacances-seasonova.com\/fr\/wp-json\/wp\/v2\/pages\/16833"}],"collection":[{"href":"https:\/\/vacances-seasonova.com\/fr\/wp-json\/wp\/v2\/pages"}],"about":[{"href":"https:\/\/vacances-seasonova.com\/fr\/wp-json\/wp\/v2\/types\/page"}],"author":[{"embeddable":true,"href":"https:\/\/vacances-seasonova.com\/fr\/wp-json\/wp\/v2\/users\/3"}],"replies":[{"embeddable":true,"href":"https:\/\/vacances-seasonova.com\/fr\/wp-json\/wp\/v2\/comments?post=16833"}],"version-history":[{"count":0,"href":"https:\/\/vacances-seasonova.com\/fr\/wp-json\/wp\/v2\/pages\/16833\/revisions"}],"up":[{"embeddable":true,"href":"https:\/\/vacances-seasonova.com\/fr\/wp-json\/wp\/v2\/pages\/16827"}],"wp:featuredmedia":[{"embeddable":true,"href":"https:\/\/vacances-seasonova.com\/fr\/wp-json\/wp\/v2\/media\/16838"}],"wp:attachment":[{"href":"https:\/\/vacances-seasonova.com\/fr\/wp-json\/wp\/v2\/media?parent=16833"}],"curies":[{"name":"wp","href":"https:\/\/api.w.org\/{rel}","templated":true}]}}