    {"id":3976,"date":"2017-08-22T13:33:05","date_gmt":"2017-08-22T12:33:05","guid":{"rendered":"http:\/\/vacances-seasonova.com\/?page_id=3976"},"modified":"2021-03-24T13:17:59","modified_gmt":"2021-03-24T12:17:59","slug":"appartement-3-lacs","status":"publish","type":"page","link":"https:\/\/vacances-seasonova.com\/nl\/vakantiewoningen-in-frankrijk\/location-chalet-saint-sorlin\/location-chalet-saint-sorlin-2\/appartement-saint-sorlin-les-3-lacs\/","title":{"rendered":"Appartement Saint Sorlin &#8220;Les 3 Lacs&#8221;"},"content":{"rendered":"<p class=\"qtranxs-available-languages-message qtranxs-available-languages-message-nl\">Onze verontschuldigingen, dit bericht is alleen beschikbaar in het <a href=\"https:\/\/vacances-seasonova.com\/fr\/wp-json\/wp\/v2\/pages\/3976\" class=\"qtranxs-available-language-link qtranxs-available-language-link-fr\" title=\"Fran\u00e7ais\">Frans<\/a> en <a href=\"https:\/\/vacances-seasonova.com\/de\/wp-json\/wp\/v2\/pages\/3976\" class=\"qtranxs-available-language-link qtranxs-available-language-link-de\" title=\"Deutsch\">Duits<\/a>.<\/p><p>Location appartement saint sorlin avec Balcon plein sud et vue sur les pistes des Sybelles. Rejoignez les pistes en chaussant les skis directement du chalet. Vous b\u00e9n\u00e9ficierez d&#8217;un s\u00e9che chaussure et casier sur place.<\/p>\n<ul>\n<li>80m\u00b2 \u2013 jusqu\u2019\u00e0 8 pers.<\/li>\n<li>2 chambres ( une chambre avec lit double 140x190cm et une chambre avec 2 lits simples 90x190xm)<\/li>\n<li>cuisine \u00e9quip\u00e9e, salon et salle \u00e0 manger<\/li>\n<li>salle de bain et WC s\u00e9par\u00e9<\/li>\n<li>balcon expos\u00e9 plein sud<\/li>\n<\/ul>\n<p><div id=\"metaslider-id-3987\" style=\"width: 100%;\" class=\"ml-slider-3-61-0 metaslider metaslider-flex metaslider-3987 ml-slider ms-theme-default\" role=\"region\" aria-roledescription=\"Slideshow\" aria-label=\"Logement F3\">\n    <div id=\"metaslider_container_3987\">\n        <div id=\"metaslider_3987\">\n            <ul aria-live=\"polite\" class=\"slides\">\n                <li style=\"display: block; width: 100%;\" class=\"slide-4008 ms-image \" aria-roledescription=\"slide\" aria-label=\"slide-4008\"><img src=\"https:\/\/vacances-seasonova.com\/wp-content\/uploads\/2017\/08\/vue.jpg\" height=\"450\" width=\"680\" alt=\"\" class=\"slider-3987 slide-4008\" \/><\/li>\n                <li style=\"display: none; width: 100%;\" class=\"slide-4007 ms-image \" aria-roledescription=\"slide\" aria-label=\"slide-4007\"><img src=\"https:\/\/vacances-seasonova.com\/wp-content\/uploads\/2017\/08\/salle-680x450.jpg\" height=\"450\" width=\"680\" alt=\"\" class=\"slider-3987 slide-4007\" \/><\/li>\n                <li style=\"display: none; width: 100%;\" class=\"slide-4005 ms-image \" aria-roledescription=\"slide\" aria-label=\"slide-4005\"><img src=\"https:\/\/vacances-seasonova.com\/wp-content\/uploads\/2017\/08\/chambre.jpg\" height=\"450\" width=\"680\" alt=\"\" class=\"slider-3987 slide-4005\" \/><\/li>\n                <li style=\"display: none; width: 100%;\" class=\"slide-4006 ms-image \" aria-roledescription=\"slide\" aria-label=\"slide-4006\"><img src=\"https:\/\/vacances-seasonova.com\/wp-content\/uploads\/2017\/08\/salle-a-manger.jpg\" height=\"450\" width=\"680\" alt=\"\" class=\"slider-3987 slide-4006\" \/><\/li>\n                <li style=\"display: none; width: 100%;\" class=\"slide-4004 ms-image \" aria-roledescription=\"slide\" aria-label=\"slide-4004\"><img src=\"https:\/\/vacances-seasonova.com\/wp-content\/uploads\/2017\/08\/chambre-enfant.jpg\" height=\"450\" width=\"680\" alt=\"\" class=\"slider-3987 slide-4004\" \/><\/li>\n                <li style=\"display: none; width: 100%;\" class=\"slide-4060 ms-image \" aria-roledescription=\"slide\" aria-label=\"slide-4060\"><img src=\"https:\/\/vacances-seasonova.com\/wp-content\/uploads\/2017\/08\/salle-bain.jpg\" height=\"450\" width=\"680\" alt=\"\" class=\"slider-3987 slide-4060\" \/><\/li>\n            <\/ul>\n        <\/div>\n        \n    <\/div>\n<\/div><\/p>","protected":false},"excerpt":{"rendered":"<p>Onze verontschuldigingen, dit bericht is alleen beschikbaar in het Frans en Duits.Location appartement saint sorlin avec Balcon plein sud et vue sur les pistes des Sybelles. Rejoignez les pistes en chaussant les skis [&#8230;]<\/p>\n","protected":false},"author":2,"featured_media":3946,"parent":9212,"menu_order":0,"comment_status":"closed","ping_status":"closed","template":"page-les-locations.php","meta":[],"yoast_head":"<!-- This site is optimized with the Yoast SEO plugin v18.1 - https:\/\/yoast.com\/wordpress\/plugins\/seo\/ -->\n<meta name=\"robots\" content=\"index, follow, max-snippet:-1, max-image-preview:large, max-video-preview:-1\" \/>\n<link rel=\"canonical\" href=\"https:\/\/vacances-seasonova.com\/nl\/vakantiewoningen-in-frankrijk\/location-chalet-saint-sorlin\/location-chalet-saint-sorlin-2\/appartement-saint-sorlin-les-3-lacs\/\" \/>\n<meta property=\"og:locale\" content=\"nl_NL\" \/>\n<meta property=\"og:type\" content=\"article\" \/>\n<meta property=\"og:title\" content=\"Appartement Saint Sorlin \u00ab\u00a0Les 3 Lacs\u00a0\u00bb - Seasonova\" \/>\n<meta property=\"og:description\" content=\"Onze verontschuldigingen, dit bericht is alleen beschikbaar in het Frans en Duits.Location appartement saint sorlin avec Balcon plein sud et vue sur les pistes des Sybelles. Rejoignez les pistes en chaussant les skis [...]\" \/>\n<meta property=\"og:url\" content=\"https:\/\/vacances-seasonova.com\/nl\/vakantiewoningen-in-frankrijk\/location-chalet-saint-sorlin\/location-chalet-saint-sorlin-2\/appartement-saint-sorlin-les-3-lacs\/\" \/>\n<meta property=\"og:site_name\" content=\"Seasonova\" \/>\n<meta property=\"article:modified_time\" content=\"2021-03-24T12:17:59+00:00\" \/>\n<meta property=\"og:image\" content=\"https:\/\/vacances-seasonova.com\/wp-content\/uploads\/2017\/08\/chalet.png\" \/>\n\t<meta property=\"og:image:width\" content=\"1480\" \/>\n\t<meta property=\"og:image:height\" content=\"460\" \/>\n\t<meta property=\"og:image:type\" content=\"image\/png\" \/>\n<meta name=\"twitter:card\" content=\"summary\" \/>\n<meta name=\"twitter:label1\" content=\"Geschatte leestijd\" \/>\n\t<meta name=\"twitter:data1\" content=\"1 minuut\" \/>\n<script type=\"application\/ld+json\" class=\"yoast-schema-graph\">{\"@context\":\"https:\/\/schema.org\",\"@graph\":[{\"@type\":\"WebSite\",\"@id\":\"https:\/\/vacances-seasonova.com\/fr\/#website\",\"url\":\"https:\/\/vacances-seasonova.com\/fr\/\",\"name\":\"Seasonova\",\"description\":\"\",\"potentialAction\":[{\"@type\":\"SearchAction\",\"target\":{\"@type\":\"EntryPoint\",\"urlTemplate\":\"https:\/\/vacances-seasonova.com\/fr\/?s={search_term_string}\"},\"query-input\":\"required name=search_term_string\"}],\"inLanguage\":\"nl\"},{\"@type\":\"ImageObject\",\"@id\":\"https:\/\/vacances-seasonova.com\/nl\/vakantiewoningen-in-frankrijk\/location-chalet-saint-sorlin\/location-chalet-saint-sorlin-2\/appartement-saint-sorlin-les-3-lacs\/#primaryimage\",\"inLanguage\":\"nl\",\"url\":\"https:\/\/vacances-seasonova.com\/wp-content\/uploads\/2017\/08\/chalet.png\",\"contentUrl\":\"https:\/\/vacances-seasonova.com\/wp-content\/uploads\/2017\/08\/chalet.png\",\"width\":1480,\"height\":460,\"caption\":\"location-appartement-saint-sorlin-Le-Fanou-de-Saint-Sorlin-chalet\"},{\"@type\":\"WebPage\",\"@id\":\"https:\/\/vacances-seasonova.com\/nl\/vakantiewoningen-in-frankrijk\/location-chalet-saint-sorlin\/location-chalet-saint-sorlin-2\/appartement-saint-sorlin-les-3-lacs\/#webpage\",\"url\":\"https:\/\/vacances-seasonova.com\/nl\/vakantiewoningen-in-frankrijk\/location-chalet-saint-sorlin\/location-chalet-saint-sorlin-2\/appartement-saint-sorlin-les-3-lacs\/\",\"name\":\"Appartement Saint Sorlin \u00ab\u00a0Les 3 Lacs\u00a0\u00bb - Seasonova\",\"isPartOf\":{\"@id\":\"https:\/\/vacances-seasonova.com\/fr\/#website\"},\"primaryImageOfPage\":{\"@id\":\"https:\/\/vacances-seasonova.com\/nl\/vakantiewoningen-in-frankrijk\/location-chalet-saint-sorlin\/location-chalet-saint-sorlin-2\/appartement-saint-sorlin-les-3-lacs\/#primaryimage\"},\"datePublished\":\"2017-08-22T12:33:05+00:00\",\"dateModified\":\"2021-03-24T12:17:59+00:00\",\"breadcrumb\":{\"@id\":\"https:\/\/vacances-seasonova.com\/nl\/vakantiewoningen-in-frankrijk\/location-chalet-saint-sorlin\/location-chalet-saint-sorlin-2\/appartement-saint-sorlin-les-3-lacs\/#breadcrumb\"},\"inLanguage\":\"nl\",\"potentialAction\":[{\"@type\":\"ReadAction\",\"target\":[\"https:\/\/vacances-seasonova.com\/nl\/vakantiewoningen-in-frankrijk\/location-chalet-saint-sorlin\/location-chalet-saint-sorlin-2\/appartement-saint-sorlin-les-3-lacs\/\"]}]},{\"@type\":\"BreadcrumbList\",\"@id\":\"https:\/\/vacances-seasonova.com\/nl\/vakantiewoningen-in-frankrijk\/location-chalet-saint-sorlin\/location-chalet-saint-sorlin-2\/appartement-saint-sorlin-les-3-lacs\/#breadcrumb\",\"itemListElement\":[{\"@type\":\"ListItem\",\"position\":1,\"name\":\"Accueil\",\"item\":\"https:\/\/vacances-seasonova.com\/nl\/\"},{\"@type\":\"ListItem\",\"position\":2,\"name\":\"Locations de vacances\",\"item\":\"https:\/\/vacances-seasonova.com\/nl\/vakantiewoningen-in-frankrijk\/\"},{\"@type\":\"ListItem\",\"position\":3,\"name\":\"Our Mountain Chalet\",\"item\":\"https:\/\/vacances-seasonova.com\/nl\/vakantiewoningen-in-frankrijk\/location-chalet-saint-sorlin\/\"},{\"@type\":\"ListItem\",\"position\":4,\"name\":\"Chaletvermietung in Saint Sorlin d&#8217;Arves\",\"item\":\"https:\/\/vacances-seasonova.com\/nl\/vakantiewoningen-in-frankrijk\/location-chalet-saint-sorlin\/location-chalet-saint-sorlin-2\/\"},{\"@type\":\"ListItem\",\"position\":5,\"name\":\"Appartement Saint Sorlin \u00ab\u00a0Les 3 Lacs\u00a0\u00bb\"}]}]}<\/script>\n<!-- \/ Yoast SEO plugin. -->","yoast_head_json":{"robots":{"index":"index","follow":"follow","max-snippet":"max-snippet:-1","max-image-preview":"max-image-preview:large","max-video-preview":"max-video-preview:-1"},"canonical":"https:\/\/vacances-seasonova.com\/nl\/vakantiewoningen-in-frankrijk\/location-chalet-saint-sorlin\/location-chalet-saint-sorlin-2\/appartement-saint-sorlin-les-3-lacs\/","og_locale":"nl_NL","og_type":"article","og_title":"Appartement Saint Sorlin \u00ab\u00a0Les 3 Lacs\u00a0\u00bb - Seasonova","og_description":"Onze verontschuldigingen, dit bericht is alleen beschikbaar in het Frans en Duits.Location appartement saint sorlin avec Balcon plein sud et vue sur les pistes des Sybelles. Rejoignez les pistes en chaussant les skis [...]","og_url":"https:\/\/vacances-seasonova.com\/nl\/vakantiewoningen-in-frankrijk\/location-chalet-saint-sorlin\/location-chalet-saint-sorlin-2\/appartement-saint-sorlin-les-3-lacs\/","og_site_name":"Seasonova","article_modified_time":"2021-03-24T12:17:59+00:00","og_image":[{"width":1480,"height":460,"url":"https:\/\/vacances-seasonova.com\/wp-content\/uploads\/2017\/08\/chalet.png","type":"image\/png"}],"twitter_card":"summary","twitter_misc":{"Geschatte leestijd":"1 minuut"},"schema":{"@context":"https:\/\/schema.org","@graph":[{"@type":"WebSite","@id":"https:\/\/vacances-seasonova.com\/fr\/#website","url":"https:\/\/vacances-seasonova.com\/fr\/","name":"Seasonova","description":"","potentialAction":[{"@type":"SearchAction","target":{"@type":"EntryPoint","urlTemplate":"https:\/\/vacances-seasonova.com\/fr\/?s={search_term_string}"},"query-input":"required name=search_term_string"}],"inLanguage":"nl"},{"@type":"ImageObject","@id":"https:\/\/vacances-seasonova.com\/nl\/vakantiewoningen-in-frankrijk\/location-chalet-saint-sorlin\/location-chalet-saint-sorlin-2\/appartement-saint-sorlin-les-3-lacs\/#primaryimage","inLanguage":"nl","url":"https:\/\/vacances-seasonova.com\/wp-content\/uploads\/2017\/08\/chalet.png","contentUrl":"https:\/\/vacances-seasonova.com\/wp-content\/uploads\/2017\/08\/chalet.png","width":1480,"height":460,"caption":"location-appartement-saint-sorlin-Le-Fanou-de-Saint-Sorlin-chalet"},{"@type":"WebPage","@id":"https:\/\/vacances-seasonova.com\/nl\/vakantiewoningen-in-frankrijk\/location-chalet-saint-sorlin\/location-chalet-saint-sorlin-2\/appartement-saint-sorlin-les-3-lacs\/#webpage","url":"https:\/\/vacances-seasonova.com\/nl\/vakantiewoningen-in-frankrijk\/location-chalet-saint-sorlin\/location-chalet-saint-sorlin-2\/appartement-saint-sorlin-les-3-lacs\/","name":"Appartement Saint Sorlin \u00ab\u00a0Les 3 Lacs\u00a0\u00bb - Seasonova","isPartOf":{"@id":"https:\/\/vacances-seasonova.com\/fr\/#website"},"primaryImageOfPage":{"@id":"https:\/\/vacances-seasonova.com\/nl\/vakantiewoningen-in-frankrijk\/location-chalet-saint-sorlin\/location-chalet-saint-sorlin-2\/appartement-saint-sorlin-les-3-lacs\/#primaryimage"},"datePublished":"2017-08-22T12:33:05+00:00","dateModified":"2021-03-24T12:17:59+00:00","breadcrumb":{"@id":"https:\/\/vacances-seasonova.com\/nl\/vakantiewoningen-in-frankrijk\/location-chalet-saint-sorlin\/location-chalet-saint-sorlin-2\/appartement-saint-sorlin-les-3-lacs\/#breadcrumb"},"inLanguage":"nl","potentialAction":[{"@type":"ReadAction","target":["https:\/\/vacances-seasonova.com\/nl\/vakantiewoningen-in-frankrijk\/location-chalet-saint-sorlin\/location-chalet-saint-sorlin-2\/appartement-saint-sorlin-les-3-lacs\/"]}]},{"@type":"BreadcrumbList","@id":"https:\/\/vacances-seasonova.com\/nl\/vakantiewoningen-in-frankrijk\/location-chalet-saint-sorlin\/location-chalet-saint-sorlin-2\/appartement-saint-sorlin-les-3-lacs\/#breadcrumb","itemListElement":[{"@type":"ListItem","position":1,"name":"Accueil","item":"https:\/\/vacances-seasonova.com\/nl\/"},{"@type":"ListItem","position":2,"name":"Locations de vacances","item":"https:\/\/vacances-seasonova.com\/nl\/vakantiewoningen-in-frankrijk\/"},{"@type":"ListItem","position":3,"name":"Our Mountain Chalet","item":"https:\/\/vacances-seasonova.com\/nl\/vakantiewoningen-in-frankrijk\/location-chalet-saint-sorlin\/"},{"@type":"ListItem","position":4,"name":"Chaletvermietung in Saint Sorlin d&#8217;Arves","item":"https:\/\/vacances-seasonova.com\/nl\/vakantiewoningen-in-frankrijk\/location-chalet-saint-sorlin\/location-chalet-saint-sorlin-2\/"},{"@type":"ListItem","position":5,"name":"Appartement Saint Sorlin \u00ab\u00a0Les 3 Lacs\u00a0\u00bb"}]}]}},"_links":{"self":[{"href":"https:\/\/vacances-seasonova.com\/nl\/wp-json\/wp\/v2\/pages\/3976"}],"collection":[{"href":"https:\/\/vacances-seasonova.com\/nl\/wp-json\/wp\/v2\/pages"}],"about":[{"href":"https:\/\/vacances-seasonova.com\/nl\/wp-json\/wp\/v2\/types\/page"}],"author":[{"embeddable":true,"href":"https:\/\/vacances-seasonova.com\/nl\/wp-json\/wp\/v2\/users\/2"}],"replies":[{"embeddable":true,"href":"https:\/\/vacances-seasonova.com\/nl\/wp-json\/wp\/v2\/comments?post=3976"}],"version-history":[{"count":0,"href":"https:\/\/vacances-seasonova.com\/nl\/wp-json\/wp\/v2\/pages\/3976\/revisions"}],"up":[{"embeddable":true,"href":"https:\/\/vacances-seasonova.com\/nl\/wp-json\/wp\/v2\/pages\/9212"}],"wp:featuredmedia":[{"embeddable":true,"href":"https:\/\/vacances-seasonova.com\/nl\/wp-json\/wp\/v2\/media\/3946"}],"wp:attachment":[{"href":"https:\/\/vacances-seasonova.com\/nl\/wp-json\/wp\/v2\/media?parent=3976"}],"curies":[{"name":"wp","href":"https:\/\/api.w.org\/{rel}","templated":true}]}}